{"id":2146,"date":"2020-01-06T11:23:27","date_gmt":"2020-01-06T11:23:27","guid":{"rendered":"https:\/\/aesthmedic.sag-halloechen.de\/derma\/?page_id=2146"},"modified":"2022-02-22T11:21:38","modified_gmt":"2022-02-22T11:21:38","slug":"akne-und-akneartige-erkrankungen","status":"publish","type":"page","link":"https:\/\/www.aesthmedic.de\/derma\/behandlungen\/dermatologie\/akne-und-akneartige-erkrankungen\/","title":{"rendered":"Akne und akneartige Erkrankungen"},"content":{"rendered":"\t\t<div data-elementor-type=\"wp-page\" data-elementor-id=\"2146\" class=\"elementor elementor-2146\" data-elementor-post-type=\"page\">\n\t\t\t\t\t\t<section class=\"elementor-section elementor-top-section elementor-element elementor-element-2cc8d9a elementor-section-boxed elementor-section-height-default elementor-section-height-default\" data-id=\"2cc8d9a\" data-element_type=\"section\" data-e-type=\"section\">\n\t\t\t\t\t\t<div class=\"elementor-container elementor-column-gap-default\">\n\t\t\t\t\t<div class=\"elementor-column elementor-col-100 elementor-top-column elementor-element elementor-element-55f2c0e\" data-id=\"55f2c0e\" data-element_type=\"column\" data-e-type=\"column\">\n\t\t\t<div class=\"elementor-widget-wrap elementor-element-populated\">\n\t\t\t\t\t\t<div class=\"elementor-element elementor-element-e64bf13 elementor-widget elementor-widget-image\" data-id=\"e64bf13\" data-element_type=\"widget\" data-e-type=\"widget\" data-widget_type=\"image.default\">\n\t\t\t\t<div class=\"elementor-widget-container\">\n\t\t\t\t\t\t\t\t\t\t\t\t\t\t\t<img fetchpriority=\"high\" decoding=\"async\" width=\"1920\" height=\"572\" src=\"https:\/\/www.aesthmedic.de\/derma\/wp-content\/uploads\/sites\/2\/2020\/01\/dermatologie-hautarzt-berlin.jpg\" class=\"attachment-full size-full wp-image-2292\" alt=\"Dermatologie Hautarzt Berlin\" srcset=\"https:\/\/www.aesthmedic.de\/derma\/wp-content\/uploads\/sites\/2\/2020\/01\/dermatologie-hautarzt-berlin.jpg 1920w, https:\/\/www.aesthmedic.de\/derma\/wp-content\/uploads\/sites\/2\/2020\/01\/dermatologie-hautarzt-berlin-300x89.jpg 300w, https:\/\/www.aesthmedic.de\/derma\/wp-content\/uploads\/sites\/2\/2020\/01\/dermatologie-hautarzt-berlin-1024x305.jpg 1024w, https:\/\/www.aesthmedic.de\/derma\/wp-content\/uploads\/sites\/2\/2020\/01\/dermatologie-hautarzt-berlin-768x229.jpg 768w, https:\/\/www.aesthmedic.de\/derma\/wp-content\/uploads\/sites\/2\/2020\/01\/dermatologie-hautarzt-berlin-1536x458.jpg 1536w\" sizes=\"(max-width: 1920px) 100vw, 1920px\" \/>\t\t\t\t\t\t\t\t\t\t\t\t\t\t\t<\/div>\n\t\t\t\t<\/div>\n\t\t\t\t\t<\/div>\n\t\t<\/div>\n\t\t\t\t\t<\/div>\n\t\t<\/section>\n\t\t\t\t<section class=\"elementor-section elementor-top-section elementor-element elementor-element-c5c016e elementor-section-boxed elementor-section-height-default elementor-section-height-default\" data-id=\"c5c016e\" data-element_type=\"section\" data-e-type=\"section\" data-settings=\"{&quot;background_background&quot;:&quot;classic&quot;}\">\n\t\t\t\t\t\t<div class=\"elementor-container elementor-column-gap-default\">\n\t\t\t\t\t<div class=\"elementor-column elementor-col-50 elementor-top-column elementor-element elementor-element-3c8b2b5\" data-id=\"3c8b2b5\" data-element_type=\"column\" data-e-type=\"column\" data-settings=\"{&quot;background_background&quot;:&quot;classic&quot;}\">\n\t\t\t<div class=\"elementor-widget-wrap elementor-element-populated\">\n\t\t\t\t\t\t<div class=\"elementor-element elementor-element-e731e83 ee-breadcrumbs-align-left elementor-widget elementor-widget-ee-breadcrumbs\" data-id=\"e731e83\" data-element_type=\"widget\" data-e-type=\"widget\" data-widget_type=\"ee-breadcrumbs.default\">\n\t\t\t\t<div class=\"elementor-widget-container\">\n\t\t\t\t\t<ul class=\"ee-breadcrumbs\" itemscope=\"\" itemtype=\"http:\/\/schema.org\/BreadcrumbList\"><\/ul>\t\t\t\t<\/div>\n\t\t\t\t<\/div>\n\t\t\t\t<div class=\"elementor-element elementor-element-823468b elementor-widget elementor-widget-heading\" data-id=\"823468b\" data-element_type=\"widget\" data-e-type=\"widget\" data-widget_type=\"heading.default\">\n\t\t\t\t<div class=\"elementor-widget-container\">\n\t\t\t\t\t<h1 class=\"elementor-heading-title elementor-size-default\">Akne und akneartige Erkrankungen<\/h1>\t\t\t\t<\/div>\n\t\t\t\t<\/div>\n\t\t\t\t<div class=\"elementor-element elementor-element-0ba8f94 elementor-widget elementor-widget-heading\" data-id=\"0ba8f94\" data-element_type=\"widget\" data-e-type=\"widget\" data-widget_type=\"heading.default\">\n\t\t\t\t<div class=\"elementor-widget-container\">\n\t\t\t\t\t<h2 class=\"elementor-heading-title elementor-size-default\">Rosacea (\u201eKupferrose\u201c) ist eine weitverbreitete Hauterkrankung<\/h2>\t\t\t\t<\/div>\n\t\t\t\t<\/div>\n\t\t\t\t<div class=\"elementor-element elementor-element-c0aedb4 elementor-widget elementor-widget-text-editor\" data-id=\"c0aedb4\" data-element_type=\"widget\" data-e-type=\"widget\" data-widget_type=\"text-editor.default\">\n\t\t\t\t<div class=\"elementor-widget-container\">\n\t\t\t\t\t\t\t\t\t<p>F\u00fcr viele Jugendliche ist es der erste Kontakt mit dem Dermatologen: Sie leiden unter der typischen Hauterkrankung der Pubert\u00e4t, der Akne, und suchen Rat beim Facharzt. In den meisten F\u00e4llen kann die Pubert\u00e4tsakne gut behandelt werden. Die Krankheit Rosacea ist mit der Akne verwandt, tritt aber erst viele Jahre sp\u00e4ter auf. Der Verlauf kann allerdings gravierender sein als bei einer Akneerkrankung in der Jugend.<\/p>\t\t\t\t\t\t\t\t<\/div>\n\t\t\t\t<\/div>\n\t\t\t\t<div class=\"elementor-element elementor-element-80a204c ee-button-group-valign-top ee-button-group-halign-center ee-button-group-gap-default elementor-widget elementor-widget-global elementor-global-2550 elementor-widget-button-group\" data-id=\"80a204c\" data-element_type=\"widget\" data-e-type=\"widget\" data-settings=\"{&quot;trigger&quot;:&quot;mouseenter&quot;,&quot;trigger_tablet&quot;:&quot;click_target&quot;,&quot;trigger_mobile&quot;:&quot;click_target&quot;,&quot;_hide&quot;:&quot;mouseleave&quot;,&quot;_hide_tablet&quot;:&quot;click_out&quot;,&quot;_hide_mobile&quot;:&quot;click_out&quot;,&quot;position&quot;:&quot;bottom&quot;,&quot;delay_in&quot;:{&quot;unit&quot;:&quot;px&quot;,&quot;size&quot;:&quot;&quot;,&quot;sizes&quot;:[]},&quot;delay_out&quot;:{&quot;unit&quot;:&quot;px&quot;,&quot;size&quot;:&quot;&quot;,&quot;sizes&quot;:[]},&quot;duration&quot;:{&quot;unit&quot;:&quot;px&quot;,&quot;size&quot;:&quot;&quot;,&quot;sizes&quot;:[]}}\" data-widget_type=\"button-group.default\">\n\t\t\t\t<div class=\"elementor-widget-container\">\n\t\t\t\t\t<ul class=\"ee-button-group\"><li class=\"ee-button-gap elementor-repeater-item-4fbafd1\">\n\t\t\t\t\t<a class=\"ee-button-wrapper\" href=\"https:\/\/www.doctolib.de\/praxis\/berlin\/aesthmedic-berlin-praxis-fuer-aesthetisch-operative-dermatologie\" target=\"_blank\">\n\n\t\t\t\t\t\t<span class=\"ee-button ee-button-link ee-size-sm\" data-label=\"Online Termin\">\n\t\t\t\t\t\t\t<span class=\"ee-button-content-wrapper\"><span class=\"ee-button-icon ee-icon ee-icon-support--svg ee-icon--left\"><i aria-hidden=\"true\" class=\"far fa-calendar-alt\"><\/i><\/span><span class=\"ee-button-text\">\n\t\t\t\t\t\t\t\t\tOnline Termin\t\t\t\t\t\t\t\t<\/span>\n\n\t\t\t\t\t\t\t\t\n\t\t\t\t\t\t\t<\/span>\n\t\t\t\t\t\t<\/span>\n\n\t\t\t\t\t<\/a>\n\t\t\t\t<\/li><li class=\"ee-button-gap elementor-repeater-item-2eba662\">\n\t\t\t\t\t<a class=\"ee-button-wrapper\" href=\"tel:03021478960\">\n\n\t\t\t\t\t\t<span class=\"ee-button ee-button-link ee-size-sm\" data-label=\"030 - 21 478 960\">\n\t\t\t\t\t\t\t<span class=\"ee-button-content-wrapper\"><span class=\"ee-button-icon ee-icon ee-icon-support--svg ee-icon--left\"><i aria-hidden=\"true\" class=\"fas fa-phone-alt\"><\/i><\/span><span class=\"ee-button-text\">\n\t\t\t\t\t\t\t\t\t030 - 21 478 960\t\t\t\t\t\t\t\t<\/span>\n\n\t\t\t\t\t\t\t\t\n\t\t\t\t\t\t\t<\/span>\n\t\t\t\t\t\t<\/span>\n\n\t\t\t\t\t<\/a>\n\t\t\t\t<\/li><\/ul>\n\t\t\t\t\t\t<\/div>\n\t\t\t\t<\/div>\n\t\t\t\t<div class=\"elementor-element elementor-element-3d294c1 elementor-widget elementor-widget-heading\" data-id=\"3d294c1\" data-element_type=\"widget\" data-e-type=\"widget\" data-widget_type=\"heading.default\">\n\t\t\t\t<div class=\"elementor-widget-container\">\n\t\t\t\t\t<h2 class=\"elementor-heading-title elementor-size-default\">85 Prozent aller Jugendlichen haben Akne<\/h2>\t\t\t\t<\/div>\n\t\t\t\t<\/div>\n\t\t\t\t<div class=\"elementor-element elementor-element-cc4693b elementor-widget elementor-widget-text-editor\" data-id=\"cc4693b\" data-element_type=\"widget\" data-e-type=\"widget\" data-widget_type=\"text-editor.default\">\n\t\t\t\t<div class=\"elementor-widget-container\">\n\t\t\t\t\t\t\t\t\t<p>Kaum ein Jugendlicher \u00fcbersteht die hormonellen Ver\u00e4nderungen der Pubert\u00e4t ohne Pickel. Die Akne ist eine Entz\u00fcndung der Talgdr\u00fcsen, die vor allem im Gesicht, Nacken und Dekollet\u00e9 Pickel, Pusteln und Mitesser erzeugt. Der K\u00f6rper bildet \u00fcbersch\u00fcssiges Fett, das die Talgdr\u00fcsen verstopft. In der Folge siedeln sich Bakterien an und erzeugen Entz\u00fcndungen. Akne ist oft eine seelische Belastung in einem sensiblen Lebensabschnitt.<\/p>\t\t\t\t\t\t\t\t<\/div>\n\t\t\t\t<\/div>\n\t\t\t\t<div class=\"elementor-element elementor-element-1f38439 elementor-widget elementor-widget-heading\" data-id=\"1f38439\" data-element_type=\"widget\" data-e-type=\"widget\" data-widget_type=\"heading.default\">\n\t\t\t\t<div class=\"elementor-widget-container\">\n\t\t\t\t\t<h2 class=\"elementor-heading-title elementor-size-default\">Akne durch hormonelle Umstellungen<\/h2>\t\t\t\t<\/div>\n\t\t\t\t<\/div>\n\t\t\t\t<div class=\"elementor-element elementor-element-0e3f8d1 elementor-widget elementor-widget-text-editor\" data-id=\"0e3f8d1\" data-element_type=\"widget\" data-e-type=\"widget\" data-widget_type=\"text-editor.default\">\n\t\t\t\t<div class=\"elementor-widget-container\">\n\t\t\t\t\t\t\t\t\t<p>Dies sind die Hauptursache der Akne. Besonders die m\u00e4nnlichen Geschlechtshormone beg\u00fcnstigen die Entstehung der Akne, weshalb junge M\u00e4nner h\u00e4ufiger davon betroffen sind als junge Frauen. Akne wird durch weitere Faktoren wie Medikamente, Kosmetika oder Stress in vielen F\u00e4llen verst\u00e4rkt. Die normale Akne bildet sich im Allgemeinen bis zum 25. Lebensjahr vollst\u00e4ndig zur\u00fcck, kann aber in hartn\u00e4ckigen, unbehandelten F\u00e4llen dar\u00fcber hinaus weiter bestehen. In einigen F\u00e4llen kommt es zu einem schweren Verlauf und zur unsch\u00f6nen Narbenbildung. Mit modernen Methoden der \u00e4sthetischen Dermatologie k\u00f6nnen solche Narben gut behandelt werden (siehe\u00a0<a href=\"\/behandlungen\/narbenbehandlung\/\">Narbenbehandlung<\/a>).<\/p>\t\t\t\t\t\t\t\t<\/div>\n\t\t\t\t<\/div>\n\t\t\t\t<div class=\"elementor-element elementor-element-7ac0f3e elementor-widget elementor-widget-heading\" data-id=\"7ac0f3e\" data-element_type=\"widget\" data-e-type=\"widget\" data-widget_type=\"heading.default\">\n\t\t\t\t<div class=\"elementor-widget-container\">\n\t\t\t\t\t<h2 class=\"elementor-heading-title elementor-size-default\">Behandlung der Akne in der Praxis f\u00fcr Dermatologie und Chirurgie:<\/h2>\t\t\t\t<\/div>\n\t\t\t\t<\/div>\n\t\t\t\t<div class=\"elementor-element elementor-element-2ca8090 elementor-widget elementor-widget-text-editor\" data-id=\"2ca8090\" data-element_type=\"widget\" data-e-type=\"widget\" data-widget_type=\"text-editor.default\">\n\t\t\t\t<div class=\"elementor-widget-container\">\n\t\t\t\t\t\t\t\t\t<p class=\"bodytext\">Leichte Verl\u00e4ufe: medizinische Aknecremes und professionelle Aknekosmetik Mittelschwere bis schwerere Verl\u00e4ufe: eventuell Tabletten-Behandlung (speziell Minocyclin und Vitamin-A-S\u00e4ure-Pr\u00e4parate). Oft sehr gute Erfolge mit geringster Nebenwirkung mit Fruchts\u00e4urepeeling (jeden Abend Creme aufs Gesicht auftragen und alle zwei Wochen zur professionellen haut\u00e4rztlichen Behandlung mit Fruchts\u00e4ure in die Praxis). Die Fruchts\u00e4ure-Behandlung ist eine rein lokale Behandlung.<\/p>\n<p class=\"bodytext\">Akne behandeln wir in der Praxis f\u00fcr Dermatologie und Chirurgie ebenfalls mit moderner <a class=\"internal-link\" title=\"Opens internal link in current window\" href=\"https:\/\/www.aesthmedic.de\/derma\/behandlungen\/lasermedizin\/\">Lasertechnik<\/a>.<\/p>\t\t\t\t\t\t\t\t<\/div>\n\t\t\t\t<\/div>\n\t\t\t\t<div class=\"elementor-element elementor-element-e1fb470 ee-button-group-valign-top ee-button-group-halign-center ee-button-group-gap-default elementor-widget elementor-widget-global elementor-global-2550 elementor-widget-button-group\" data-id=\"e1fb470\" data-element_type=\"widget\" data-e-type=\"widget\" data-settings=\"{&quot;trigger&quot;:&quot;mouseenter&quot;,&quot;trigger_tablet&quot;:&quot;click_target&quot;,&quot;trigger_mobile&quot;:&quot;click_target&quot;,&quot;_hide&quot;:&quot;mouseleave&quot;,&quot;_hide_tablet&quot;:&quot;click_out&quot;,&quot;_hide_mobile&quot;:&quot;click_out&quot;,&quot;position&quot;:&quot;bottom&quot;,&quot;delay_in&quot;:{&quot;unit&quot;:&quot;px&quot;,&quot;size&quot;:&quot;&quot;,&quot;sizes&quot;:[]},&quot;delay_out&quot;:{&quot;unit&quot;:&quot;px&quot;,&quot;size&quot;:&quot;&quot;,&quot;sizes&quot;:[]},&quot;duration&quot;:{&quot;unit&quot;:&quot;px&quot;,&quot;size&quot;:&quot;&quot;,&quot;sizes&quot;:[]}}\" data-widget_type=\"button-group.default\">\n\t\t\t\t<div class=\"elementor-widget-container\">\n\t\t\t\t\t<ul class=\"ee-button-group\"><li class=\"ee-button-gap elementor-repeater-item-4fbafd1\">\n\t\t\t\t\t<a class=\"ee-button-wrapper\" href=\"https:\/\/www.doctolib.de\/praxis\/berlin\/aesthmedic-berlin-praxis-fuer-aesthetisch-operative-dermatologie\" target=\"_blank\">\n\n\t\t\t\t\t\t<span class=\"ee-button ee-button-link ee-size-sm\" data-label=\"Online Termin\">\n\t\t\t\t\t\t\t<span class=\"ee-button-content-wrapper\"><span class=\"ee-button-icon ee-icon ee-icon-support--svg ee-icon--left\"><i aria-hidden=\"true\" class=\"far fa-calendar-alt\"><\/i><\/span><span class=\"ee-button-text\">\n\t\t\t\t\t\t\t\t\tOnline Termin\t\t\t\t\t\t\t\t<\/span>\n\n\t\t\t\t\t\t\t\t\n\t\t\t\t\t\t\t<\/span>\n\t\t\t\t\t\t<\/span>\n\n\t\t\t\t\t<\/a>\n\t\t\t\t<\/li><li class=\"ee-button-gap elementor-repeater-item-2eba662\">\n\t\t\t\t\t<a class=\"ee-button-wrapper\" href=\"tel:03021478960\">\n\n\t\t\t\t\t\t<span class=\"ee-button ee-button-link ee-size-sm\" data-label=\"030 - 21 478 960\">\n\t\t\t\t\t\t\t<span class=\"ee-button-content-wrapper\"><span class=\"ee-button-icon ee-icon ee-icon-support--svg ee-icon--left\"><i aria-hidden=\"true\" class=\"fas fa-phone-alt\"><\/i><\/span><span class=\"ee-button-text\">\n\t\t\t\t\t\t\t\t\t030 - 21 478 960\t\t\t\t\t\t\t\t<\/span>\n\n\t\t\t\t\t\t\t\t\n\t\t\t\t\t\t\t<\/span>\n\t\t\t\t\t\t<\/span>\n\n\t\t\t\t\t<\/a>\n\t\t\t\t<\/li><\/ul>\n\t\t\t\t\t\t<\/div>\n\t\t\t\t<\/div>\n\t\t\t\t<div class=\"elementor-element elementor-element-2fca983 elementor-widget elementor-widget-heading\" data-id=\"2fca983\" data-element_type=\"widget\" data-e-type=\"widget\" data-widget_type=\"heading.default\">\n\t\t\t\t<div class=\"elementor-widget-container\">\n\t\t\t\t\t<h2 class=\"elementor-heading-title elementor-size-default\">Rosacea ist eine Erkrankung des mittleren Lebensalters<\/h2>\t\t\t\t<\/div>\n\t\t\t\t<\/div>\n\t\t\t\t<div class=\"elementor-element elementor-element-ce7f088 elementor-widget elementor-widget-text-editor\" data-id=\"ce7f088\" data-element_type=\"widget\" data-e-type=\"widget\" data-widget_type=\"text-editor.default\">\n\t\t\t\t<div class=\"elementor-widget-container\">\n\t\t\t\t\t\t\t\t\t<p>Die Rosacea, auch Couperose genannt, ist eine relativ h\u00e4ufige Hautkrankheit, die meist im mittleren Lebensalter auftritt. Rosacea ist meist chronisch und verl\u00e4uft in Sch\u00fcben, die Ursachen der Krankheit sind nach wie vor unklar. Die Symptome von Rosacea sind aber eindeutig: Hautr\u00f6tungen vor allem im Gesicht, Schuppung der Haut sowie erweiterte oberfl\u00e4chliche Blutgef\u00e4\u00dfe stellen den Beginn der Krankheit dar. Im Verlauf der Krankheit treten dann bei akuten Sch\u00fcben Pusteln, Kn\u00f6tchen, Schwellungen und \u00d6deme auf.<\/p><p>In Einzelf\u00e4llen k\u00f6nnen die Augen an der Erkrankung beteiligt sein. Entz\u00fcndungen der Lidr\u00e4nder, Bindehaut oder Hornhaut stellen Symptome eines fortgeschrittenen Verlaufs der Rosacea dar. Bei M\u00e4nnern kann es au\u00dferdem zu einer Talgdr\u00fcsenwucherung an der Nase kommen, die sich zu einer sogenannten Knollennase (Rhinophym) entwickelt.<\/p>\t\t\t\t\t\t\t\t<\/div>\n\t\t\t\t<\/div>\n\t\t\t\t<div class=\"elementor-element elementor-element-ec5e656 elementor-widget elementor-widget-heading\" data-id=\"ec5e656\" data-element_type=\"widget\" data-e-type=\"widget\" data-widget_type=\"heading.default\">\n\t\t\t\t<div class=\"elementor-widget-container\">\n\t\t\t\t\t<h2 class=\"elementor-heading-title elementor-size-default\">Therapie der Rosacea<\/h2>\t\t\t\t<\/div>\n\t\t\t\t<\/div>\n\t\t\t\t<div class=\"elementor-element elementor-element-f17d3bb elementor-widget elementor-widget-text-editor\" data-id=\"f17d3bb\" data-element_type=\"widget\" data-e-type=\"widget\" data-widget_type=\"text-editor.default\">\n\t\t\t\t<div class=\"elementor-widget-container\">\n\t\t\t\t\t\t\t\t\t<p>Die Therapie der Rosacea (Couperose) hat das Ziel, die Krankheit unter Kontrolle zu bekommen. Die milde Reinigung der Haut im Rahmen der\u00a0<a href=\"\/behandlungen\/hautbildverbesserung\/medizinische-kosmetik\/\">medizinischen Kosmetik<\/a>\u00a0bildet die Grundlage der Therapie. Ausl\u00f6ser wie starkes Sonnenlicht oder extreme Temperaturen m\u00fcssen in jedem Fall gemieden werden. Starke Sonnenschutzmittel helfen beim Schutz der Haut. Ebenso sollten scharfe Nahrungsmittel, hei\u00dfe B\u00e4der und Saunag\u00e4nge vermieden werden.<\/p><p>Zur Behandlung der Haut eignen sich Cremes mit entz\u00fcndungshemmenden Wirkstoffen. In schwereren F\u00e4llen wie zum Beispiel bei der Beteiligung der Augen helfen Antibiotika oder Vitamin A S\u00e4urepr\u00e4parate gegen einen schweren Schub. Ver\u00e4nderungen wie R\u00f6tungen oder die erweiterten \u00c4derchen lassen sich mit dem Laser entfernen.<\/p>\t\t\t\t\t\t\t\t<\/div>\n\t\t\t\t<\/div>\n\t\t\t\t\t<\/div>\n\t\t<\/div>\n\t\t\t\t<div class=\"elementor-column elementor-col-50 elementor-top-column elementor-element elementor-element-a31c0cc\" data-id=\"a31c0cc\" data-element_type=\"column\" data-e-type=\"column\" data-settings=\"{&quot;background_background&quot;:&quot;classic&quot;}\">\n\t\t\t<div class=\"elementor-widget-wrap elementor-element-populated\">\n\t\t\t\t\t\t<div class=\"elementor-element elementor-element-0ed701a elementor-widget elementor-widget-shortcode\" data-id=\"0ed701a\" data-element_type=\"widget\" data-e-type=\"widget\" data-widget_type=\"shortcode.default\">\n\t\t\t\t<div class=\"elementor-widget-container\">\n\t\t\t\t\t\t\t<div class=\"elementor-shortcode\">\t\t<div data-elementor-type=\"section\" data-elementor-id=\"2405\" class=\"elementor elementor-2405\" data-elementor-post-type=\"elementor_library\">\n\t\t\t\t\t<section class=\"elementor-section elementor-top-section elementor-element elementor-element-0d8533d elementor-section-boxed elementor-section-height-default elementor-section-height-default\" data-id=\"0d8533d\" data-element_type=\"section\" data-e-type=\"section\">\n\t\t\t\t\t\t<div class=\"elementor-container elementor-column-gap-no\">\n\t\t\t\t\t<div class=\"elementor-column elementor-col-100 elementor-top-column elementor-element elementor-element-e305622\" data-id=\"e305622\" data-element_type=\"column\" data-e-type=\"column\">\n\t\t\t<div class=\"elementor-widget-wrap elementor-element-populated\">\n\t\t\t\t\t\t\t<\/div>\n\t\t<\/div>\n\t\t\t\t\t<\/div>\n\t\t<\/section>\n\t\t\t\t<section class=\"elementor-section elementor-top-section elementor-element elementor-element-10cc1535 elementor-section-boxed elementor-section-height-default elementor-section-height-default\" data-id=\"10cc1535\" data-element_type=\"section\" data-e-type=\"section\">\n\t\t\t\t\t\t<div class=\"elementor-container elementor-column-gap-no\">\n\t\t\t\t\t<div class=\"elementor-column elementor-col-100 elementor-top-column elementor-element elementor-element-19eee04d\" data-id=\"19eee04d\" data-element_type=\"column\" data-e-type=\"column\">\n\t\t\t<div class=\"elementor-widget-wrap elementor-element-populated\">\n\t\t\t\t\t\t<section class=\"elementor-section elementor-inner-section elementor-element elementor-element-630d5eb9 elementor-section-boxed elementor-section-height-default elementor-section-height-default\" data-id=\"630d5eb9\" data-element_type=\"section\" data-e-type=\"section\">\n\t\t\t\t\t\t<div class=\"elementor-container elementor-column-gap-no\">\n\t\t\t\t\t<div class=\"elementor-column elementor-col-100 elementor-inner-column elementor-element elementor-element-77ae0f71\" data-id=\"77ae0f71\" data-element_type=\"column\" data-e-type=\"column\">\n\t\t\t<div class=\"elementor-widget-wrap elementor-element-populated\">\n\t\t\t\t\t\t<div class=\"elementor-element elementor-element-13d58364 elementor-widget elementor-widget-heading\" data-id=\"13d58364\" data-element_type=\"widget\" data-e-type=\"widget\" data-widget_type=\"heading.default\">\n\t\t\t\t<div class=\"elementor-widget-container\">\n\t\t\t\t\t<h3 class=\"elementor-heading-title elementor-size-default\">Jetzt Termin vereinbaren<\/h3>\t\t\t\t<\/div>\n\t\t\t\t<\/div>\n\t\t\t\t<div class=\"elementor-element elementor-element-2d33e78 elementor-align-center elementor-icon-list--layout-traditional elementor-list-item-link-full_width elementor-widget elementor-widget-icon-list\" data-id=\"2d33e78\" data-element_type=\"widget\" data-e-type=\"widget\" data-widget_type=\"icon-list.default\">\n\t\t\t\t<div class=\"elementor-widget-container\">\n\t\t\t\t\t\t\t<ul class=\"elementor-icon-list-items\">\n\t\t\t\t\t\t\t<li class=\"elementor-icon-list-item\">\n\t\t\t\t\t\t\t\t\t\t<span class=\"elementor-icon-list-text\"><\/span>\n\t\t\t\t\t\t\t\t\t<\/li>\n\t\t\t\t\t\t\t\t<li class=\"elementor-icon-list-item\">\n\t\t\t\t\t\t\t\t\t\t\t<a href=\"tel:03030104160\">\n\n\t\t\t\t\t\t\t\t\t\t\t\t<span class=\"elementor-icon-list-icon\">\n\t\t\t\t\t\t\t<i aria-hidden=\"true\" class=\"fas fa-phone-alt\"><\/i>\t\t\t\t\t\t<\/span>\n\t\t\t\t\t\t\t\t\t\t<span class=\"elementor-icon-list-text\"><b>PRIVATE PRAXIS<br>030 - 30 104 160<\/b><\/span>\n\t\t\t\t\t\t\t\t\t\t\t<\/a>\n\t\t\t\t\t\t\t\t\t<\/li>\n\t\t\t\t\t\t\t\t<li class=\"elementor-icon-list-item\">\n\t\t\t\t\t\t\t\t\t\t\t<a href=\"tel:03021478960\">\n\n\t\t\t\t\t\t\t\t\t\t\t\t<span class=\"elementor-icon-list-icon\">\n\t\t\t\t\t\t\t<i aria-hidden=\"true\" class=\"fas fa-phone-alt\"><\/i>\t\t\t\t\t\t<\/span>\n\t\t\t\t\t\t\t\t\t\t<span class=\"elementor-icon-list-text\"><b>ALLGEMEINE PRAXIS<br>030 - 21 478 960<\/b><\/span>\n\t\t\t\t\t\t\t\t\t\t\t<\/a>\n\t\t\t\t\t\t\t\t\t<\/li>\n\t\t\t\t\t\t\t\t<li class=\"elementor-icon-list-item\">\n\t\t\t\t\t\t\t\t\t\t\t<a href=\"https:\/\/www.doctolib.de\/praxis\/berlin\/aesthmedic-berlin-praxis-fuer-aesthetisch-operative-dermatologie\" target=\"_blank\">\n\n\t\t\t\t\t\t\t\t\t\t\t\t<span class=\"elementor-icon-list-icon\">\n\t\t\t\t\t\t\t<i aria-hidden=\"true\" class=\"far fa-calendar-alt\"><\/i>\t\t\t\t\t\t<\/span>\n\t\t\t\t\t\t\t\t\t\t<span class=\"elementor-icon-list-text\"><b>ONLINE TERMIN<\/b><\/span>\n\t\t\t\t\t\t\t\t\t\t\t<\/a>\n\t\t\t\t\t\t\t\t\t<\/li>\n\t\t\t\t\t\t\t\t<li class=\"elementor-icon-list-item\">\n\t\t\t\t\t\t\t\t\t\t<span class=\"elementor-icon-list-text\"><\/span>\n\t\t\t\t\t\t\t\t\t<\/li>\n\t\t\t\t\t\t<\/ul>\n\t\t\t\t\t\t<\/div>\n\t\t\t\t<\/div>\n\t\t\t\t\t<\/div>\n\t\t<\/div>\n\t\t\t\t\t<\/div>\n\t\t<\/section>\n\t\t\t\t<section class=\"elementor-section elementor-inner-section elementor-element elementor-element-7185525b elementor-section-boxed elementor-section-height-default elementor-section-height-default\" data-id=\"7185525b\" data-element_type=\"section\" data-e-type=\"section\">\n\t\t\t\t\t\t<div class=\"elementor-container elementor-column-gap-no\">\n\t\t\t\t\t<div class=\"elementor-column elementor-col-100 elementor-inner-column elementor-element elementor-element-7dfa2ba\" data-id=\"7dfa2ba\" data-element_type=\"column\" data-e-type=\"column\">\n\t\t\t<div class=\"elementor-widget-wrap elementor-element-populated\">\n\t\t\t\t\t\t<div class=\"elementor-element elementor-element-160f05e3 elementor-widget elementor-widget-heading\" data-id=\"160f05e3\" data-element_type=\"widget\" data-e-type=\"widget\" data-widget_type=\"heading.default\">\n\t\t\t\t<div class=\"elementor-widget-container\">\n\t\t\t\t\t<h3 class=\"elementor-heading-title elementor-size-default\">Sprechzeiten<\/h3>\t\t\t\t<\/div>\n\t\t\t\t<\/div>\n\t\t\t\t<div class=\"elementor-element elementor-element-720ee00 elementor-align-center elementor-icon-list--layout-traditional elementor-list-item-link-full_width elementor-widget elementor-widget-icon-list\" data-id=\"720ee00\" data-element_type=\"widget\" data-e-type=\"widget\" data-widget_type=\"icon-list.default\">\n\t\t\t\t<div class=\"elementor-widget-container\">\n\t\t\t\t\t\t\t<ul class=\"elementor-icon-list-items\">\n\t\t\t\t\t\t\t<li class=\"elementor-icon-list-item\">\n\t\t\t\t\t\t\t\t\t\t<span class=\"elementor-icon-list-text\"><b>Montag<\/b><br>08:30 - 13:00 Uhr &amp; 14:00 - 17:30 Uhr<\/span>\n\t\t\t\t\t\t\t\t\t<\/li>\n\t\t\t\t\t\t\t\t<li class=\"elementor-icon-list-item\">\n\t\t\t\t\t\t\t\t\t\t<span class=\"elementor-icon-list-text\"><b> Dienstag <\/b><br>08:30 - 13:00 Uhr &amp; 14:00 - 18:00 Uhr<\/span>\n\t\t\t\t\t\t\t\t\t<\/li>\n\t\t\t\t\t\t\t\t<li class=\"elementor-icon-list-item\">\n\t\t\t\t\t\t\t\t\t\t<span class=\"elementor-icon-list-text\"><b>Mittwoch<\/b><br>08:30 - 14:00 Uhr<\/span>\n\t\t\t\t\t\t\t\t\t<\/li>\n\t\t\t\t\t\t\t\t<li class=\"elementor-icon-list-item\">\n\t\t\t\t\t\t\t\t\t\t<span class=\"elementor-icon-list-text\"><b>Donnerstag<\/b><br>08:30 - 13:00 Uhr &amp; 14:00 - 17:30 Uhr<\/span>\n\t\t\t\t\t\t\t\t\t<\/li>\n\t\t\t\t\t\t\t\t<li class=\"elementor-icon-list-item\">\n\t\t\t\t\t\t\t\t\t\t<span class=\"elementor-icon-list-text\"><b>Freitag<\/b><br>08:30 - 12:00 Uhr<\/span>\n\t\t\t\t\t\t\t\t\t<\/li>\n\t\t\t\t\t\t<\/ul>\n\t\t\t\t\t\t<\/div>\n\t\t\t\t<\/div>\n\t\t\t\t<div class=\"elementor-element elementor-element-63877dc elementor-align-center elementor-hidden-desktop elementor-hidden-tablet elementor-hidden-phone elementor-icon-list--layout-traditional elementor-list-item-link-full_width elementor-widget elementor-widget-icon-list\" data-id=\"63877dc\" data-element_type=\"widget\" data-e-type=\"widget\" data-widget_type=\"icon-list.default\">\n\t\t\t\t<div class=\"elementor-widget-container\">\n\t\t\t\t\t\t\t<ul class=\"elementor-icon-list-items\">\n\t\t\t\t\t\t\t<li class=\"elementor-icon-list-item\">\n\t\t\t\t\t\t\t\t\t\t<span class=\"elementor-icon-list-text\"><b>Montag<\/b><br>08:30 - 13:00 Uhr &amp; 14:30 - 17:00 Uhr<\/span>\n\t\t\t\t\t\t\t\t\t<\/li>\n\t\t\t\t\t\t\t\t<li class=\"elementor-icon-list-item\">\n\t\t\t\t\t\t\t\t\t\t<span class=\"elementor-icon-list-text\"><b> Dienstag <\/b><br>08:30 - 13:00 Uhr &amp; 14:30 - 18:00 Uhr<\/span>\n\t\t\t\t\t\t\t\t\t<\/li>\n\t\t\t\t\t\t\t\t<li class=\"elementor-icon-list-item\">\n\t\t\t\t\t\t\t\t\t\t<span class=\"elementor-icon-list-text\"><b>Mittwoch<\/b><br>08:30 - 14:00 Uhr<\/span>\n\t\t\t\t\t\t\t\t\t<\/li>\n\t\t\t\t\t\t\t\t<li class=\"elementor-icon-list-item\">\n\t\t\t\t\t\t\t\t\t\t<span class=\"elementor-icon-list-text\"><b>Donnerstag<\/b><br>08:30 - 13:00 Uhr &amp; 14:30 - 19:00 Uhr<\/span>\n\t\t\t\t\t\t\t\t\t<\/li>\n\t\t\t\t\t\t\t\t<li class=\"elementor-icon-list-item\">\n\t\t\t\t\t\t\t\t\t\t<span class=\"elementor-icon-list-text\"><b>Freitag<\/b><br>08:30 - 12:00 Uhr<\/span>\n\t\t\t\t\t\t\t\t\t<\/li>\n\t\t\t\t\t\t<\/ul>\n\t\t\t\t\t\t<\/div>\n\t\t\t\t<\/div>\n\t\t\t\t\t<\/div>\n\t\t<\/div>\n\t\t\t\t\t<\/div>\n\t\t<\/section>\n\t\t\t\t<section class=\"elementor-section elementor-inner-section elementor-element elementor-element-9ace828 elementor-hidden-desktop elementor-hidden-tablet elementor-hidden-mobile elementor-section-boxed elementor-section-height-default elementor-section-height-default\" data-id=\"9ace828\" data-element_type=\"section\" data-e-type=\"section\">\n\t\t\t\t\t\t<div class=\"elementor-container elementor-column-gap-no\">\n\t\t\t\t\t<div class=\"elementor-column elementor-col-100 elementor-inner-column elementor-element elementor-element-4643219\" data-id=\"4643219\" data-element_type=\"column\" data-e-type=\"column\">\n\t\t\t<div class=\"elementor-widget-wrap elementor-element-populated\">\n\t\t\t\t\t\t<div class=\"elementor-element elementor-element-b48156d elementor-widget elementor-widget-heading\" data-id=\"b48156d\" data-element_type=\"widget\" data-e-type=\"widget\" data-widget_type=\"heading.default\">\n\t\t\t\t<div class=\"elementor-widget-container\">\n\t\t\t\t\t<h3 class=\"elementor-heading-title elementor-size-default\">Jetzt Termin vereinbaren<\/h3>\t\t\t\t<\/div>\n\t\t\t\t<\/div>\n\t\t\t\t<div class=\"elementor-element elementor-element-ccc9627 ee-button-group-valign-top ee-button-group-halign-center ee-button-group-gap-default elementor-widget elementor-widget-button-group\" data-id=\"ccc9627\" data-element_type=\"widget\" data-e-type=\"widget\" data-settings=\"{&quot;trigger&quot;:&quot;mouseenter&quot;,&quot;trigger_tablet&quot;:&quot;click_target&quot;,&quot;trigger_mobile&quot;:&quot;click_target&quot;,&quot;_hide&quot;:&quot;mouseleave&quot;,&quot;_hide_tablet&quot;:&quot;click_out&quot;,&quot;_hide_mobile&quot;:&quot;click_out&quot;,&quot;position&quot;:&quot;bottom&quot;,&quot;delay_in&quot;:{&quot;unit&quot;:&quot;px&quot;,&quot;size&quot;:&quot;&quot;,&quot;sizes&quot;:[]},&quot;delay_out&quot;:{&quot;unit&quot;:&quot;px&quot;,&quot;size&quot;:&quot;&quot;,&quot;sizes&quot;:[]},&quot;duration&quot;:{&quot;unit&quot;:&quot;px&quot;,&quot;size&quot;:&quot;&quot;,&quot;sizes&quot;:[]}}\" data-widget_type=\"button-group.default\">\n\t\t\t\t<div class=\"elementor-widget-container\">\n\t\t\t\t\t<ul class=\"ee-button-group\"><li class=\"ee-button-gap elementor-repeater-item-55f9979\">\n\t\t\t\t\t<a class=\"ee-button-wrapper\" href=\"tel:03030104160\" target=\"_blank\">\n\n\t\t\t\t\t\t<span class=\"ee-button ee-button-link ee-size-sm\" data-label=\"030 - 30 104 160&lt;br&gt;Private Praxis\">\n\t\t\t\t\t\t\t<span class=\"ee-button-content-wrapper\"><span class=\"ee-button-icon ee-icon ee-icon-support--svg ee-icon--left\"><i aria-hidden=\"true\" class=\"fas fa-phone-alt\"><\/i><\/span><span class=\"ee-button-text\">\n\t\t\t\t\t\t\t\t\t030 - 30 104 160<br>Private Praxis\t\t\t\t\t\t\t\t<\/span>\n\n\t\t\t\t\t\t\t\t\n\t\t\t\t\t\t\t<\/span>\n\t\t\t\t\t\t<\/span>\n\n\t\t\t\t\t<\/a>\n\t\t\t\t<\/li><li class=\"ee-button-gap elementor-repeater-item-e04cc0c\">\n\t\t\t\t\t<a class=\"ee-button-wrapper\" href=\"tel:03021478960\" target=\"_blank\">\n\n\t\t\t\t\t\t<span class=\"ee-button ee-button-link ee-size-sm\" data-label=\"030 - 21 478 960&lt;br&gt;Allgemeine Praxis\">\n\t\t\t\t\t\t\t<span class=\"ee-button-content-wrapper\"><span class=\"ee-button-icon ee-icon ee-icon-support--svg ee-icon--left\"><i aria-hidden=\"true\" class=\"fas fa-phone-alt\"><\/i><\/span><span class=\"ee-button-text\">\n\t\t\t\t\t\t\t\t\t030 - 21 478 960<br>Allgemeine Praxis\t\t\t\t\t\t\t\t<\/span>\n\n\t\t\t\t\t\t\t\t\n\t\t\t\t\t\t\t<\/span>\n\t\t\t\t\t\t<\/span>\n\n\t\t\t\t\t<\/a>\n\t\t\t\t<\/li><li class=\"ee-button-gap elementor-repeater-item-20e7c3f\">\n\t\t\t\t\t<a class=\"ee-button-wrapper\" href=\"https:\/\/www.doctolib.de\/praxis\/berlin\/aesthmedic-berlin-praxis-fuer-aesthetisch-operative-dermatologie\" target=\"_blank\">\n\n\t\t\t\t\t\t<span class=\"ee-button ee-button-link ee-size-sm\" data-label=\"Online Termin\">\n\t\t\t\t\t\t\t<span class=\"ee-button-content-wrapper\"><span class=\"ee-button-icon ee-icon ee-icon-support--svg ee-icon--left\"><i aria-hidden=\"true\" class=\"far fa-calendar-alt\"><\/i><\/span><span class=\"ee-button-text\">\n\t\t\t\t\t\t\t\t\tOnline Termin\t\t\t\t\t\t\t\t<\/span>\n\n\t\t\t\t\t\t\t\t\n\t\t\t\t\t\t\t<\/span>\n\t\t\t\t\t\t<\/span>\n\n\t\t\t\t\t<\/a>\n\t\t\t\t<\/li><\/ul>\n\t\t\t\t\t\t<\/div>\n\t\t\t\t<\/div>\n\t\t\t\t\t<\/div>\n\t\t<\/div>\n\t\t\t\t\t<\/div>\n\t\t<\/section>\n\t\t\t\t\t<\/div>\n\t\t<\/div>\n\t\t\t\t\t<\/div>\n\t\t<\/section>\n\t\t\t\t<section class=\"elementor-section elementor-top-section elementor-element elementor-element-c6228a0 elementor-section-boxed elementor-section-height-default elementor-section-height-default\" data-id=\"c6228a0\" data-element_type=\"section\" data-e-type=\"section\">\n\t\t\t\t\t\t<div class=\"elementor-container elementor-column-gap-no\">\n\t\t\t\t\t<div class=\"elementor-column elementor-col-100 elementor-top-column elementor-element elementor-element-8c963a8\" data-id=\"8c963a8\" data-element_type=\"column\" data-e-type=\"column\">\n\t\t\t<div class=\"elementor-widget-wrap elementor-element-populated\">\n\t\t\t\t\t\t<section class=\"elementor-section elementor-inner-section elementor-element elementor-element-a7346dd elementor-section-boxed elementor-section-height-default elementor-section-height-default\" data-id=\"a7346dd\" data-element_type=\"section\" data-e-type=\"section\">\n\t\t\t\t\t\t<div class=\"elementor-container elementor-column-gap-no\">\n\t\t\t\t\t<div class=\"elementor-column elementor-col-100 elementor-inner-column elementor-element elementor-element-93efdb7\" data-id=\"93efdb7\" data-element_type=\"column\" data-e-type=\"column\" data-settings=\"{&quot;background_background&quot;:&quot;classic&quot;}\">\n\t\t\t<div class=\"elementor-widget-wrap elementor-element-populated\">\n\t\t\t\t\t\t<div class=\"elementor-element elementor-element-580e8ed elementor-widget elementor-widget-image\" data-id=\"580e8ed\" data-element_type=\"widget\" data-e-type=\"widget\" data-widget_type=\"image.default\">\n\t\t\t\t<div class=\"elementor-widget-container\">\n\t\t\t\t\t\t\t\t\t\t\t\t\t\t\t\t<a href=\"\/aesthetisch-operative-dermatologie\/\">\n\t\t\t\t\t\t\t<img decoding=\"async\" width=\"424\" height=\"101\" src=\"https:\/\/www.aesthmedic.de\/derma\/wp-content\/uploads\/sites\/2\/2020\/01\/aesthmedic-logo.svg\" class=\"attachment-large size-large wp-image-2470\" alt=\"aesthmedic Logo\" \/>\t\t\t\t\t\t\t\t<\/a>\n\t\t\t\t\t\t\t\t\t\t\t\t\t\t\t<\/div>\n\t\t\t\t<\/div>\n\t\t\t\t\t<\/div>\n\t\t<\/div>\n\t\t\t\t\t<\/div>\n\t\t<\/section>\n\t\t\t\t<section class=\"elementor-section elementor-inner-section elementor-element elementor-element-0065c99 elementor-section-boxed elementor-section-height-default elementor-section-height-default\" data-id=\"0065c99\" data-element_type=\"section\" data-e-type=\"section\">\n\t\t\t\t\t\t<div class=\"elementor-container elementor-column-gap-no\">\n\t\t\t\t\t<div class=\"elementor-column elementor-col-100 elementor-inner-column elementor-element elementor-element-ecac576\" data-id=\"ecac576\" data-element_type=\"column\" data-e-type=\"column\" data-settings=\"{&quot;background_background&quot;:&quot;classic&quot;}\">\n\t\t\t<div class=\"elementor-widget-wrap elementor-element-populated\">\n\t\t\t\t\t\t<div class=\"elementor-element elementor-element-04f58fd ee-button-group-valign-top ee-button-group-halign-center ee-button-group-gap-default elementor-widget elementor-widget-button-group\" data-id=\"04f58fd\" data-element_type=\"widget\" data-e-type=\"widget\" data-settings=\"{&quot;trigger&quot;:&quot;mouseenter&quot;,&quot;trigger_tablet&quot;:&quot;click_target&quot;,&quot;trigger_mobile&quot;:&quot;click_target&quot;,&quot;_hide&quot;:&quot;mouseleave&quot;,&quot;_hide_tablet&quot;:&quot;click_out&quot;,&quot;_hide_mobile&quot;:&quot;click_out&quot;,&quot;position&quot;:&quot;bottom&quot;,&quot;delay_in&quot;:{&quot;unit&quot;:&quot;px&quot;,&quot;size&quot;:&quot;&quot;,&quot;sizes&quot;:[]},&quot;delay_out&quot;:{&quot;unit&quot;:&quot;px&quot;,&quot;size&quot;:&quot;&quot;,&quot;sizes&quot;:[]},&quot;duration&quot;:{&quot;unit&quot;:&quot;px&quot;,&quot;size&quot;:&quot;&quot;,&quot;sizes&quot;:[]}}\" data-widget_type=\"button-group.default\">\n\t\t\t\t<div class=\"elementor-widget-container\">\n\t\t\t\t\t<ul class=\"ee-button-group\"><li class=\"ee-button-gap elementor-repeater-item-55f9979\">\n\t\t\t\t\t<a class=\"ee-button-wrapper\" href=\"\/aesthetisch-operative-dermatologie\/\">\n\n\t\t\t\t\t\t<span class=\"ee-button ee-button-link ee-size-sm\" data-label=\" Zur \u00e4sthetisch-operativen Dermatologie\">\n\t\t\t\t\t\t\t<span class=\"ee-button-content-wrapper\"><span class=\"ee-button-icon ee-icon ee-icon-support--svg ee-icon--right\"><i aria-hidden=\"true\" class=\"fas fa-chevron-right\"><\/i><\/span><span class=\"ee-button-text\">\n\t\t\t\t\t\t\t\t\t Zur \u00e4sthetisch-operativen Dermatologie\t\t\t\t\t\t\t\t<\/span>\n\n\t\t\t\t\t\t\t\t\n\t\t\t\t\t\t\t<\/span>\n\t\t\t\t\t\t<\/span>\n\n\t\t\t\t\t<\/a>\n\t\t\t\t<\/li><\/ul>\n\t\t\t\t\t\t<\/div>\n\t\t\t\t<\/div>\n\t\t\t\t\t<\/div>\n\t\t<\/div>\n\t\t\t\t\t<\/div>\n\t\t<\/section>\n\t\t\t\t\t<\/div>\n\t\t<\/div>\n\t\t\t\t\t<\/div>\n\t\t<\/section>\n\t\t\t\t<\/div>\n\t\t<\/div>\n\t\t\t\t\t\t<\/div>\n\t\t\t\t<\/div>\n\t\t\t\t\t<\/div>\n\t\t<\/div>\n\t\t\t\t\t<\/div>\n\t\t<\/section>\n\t\t\t\t<\/div>\n\t\t","protected":false},"excerpt":{"rendered":"<p>Akne und akneartige Erkrankungen Rosacea (\u201eKupferrose\u201c) ist eine weitverbreitete Hauterkrankung F\u00fcr viele Jugendliche ist es der erste Kontakt mit dem Dermatologen: Sie leiden unter der typischen Hauterkrankung der Pubert\u00e4t, der Akne, und suchen Rat beim Facharzt. In den meisten F\u00e4llen kann die Pubert\u00e4tsakne gut behandelt werden. Die Krankheit Rosacea ist mit der Akne verwandt, tritt [&hellip;]<\/p>\n","protected":false},"author":1,"featured_media":0,"parent":142,"menu_order":0,"comment_status":"closed","ping_status":"closed","template":"elementor_header_footer","meta":{"footnotes":""},"class_list":["post-2146","page","type-page","status-publish","hentry"],"yoast_head":"<!-- This site is optimized with the Yoast SEO plugin v27.3 - https:\/\/yoast.com\/product\/yoast-seo-wordpress\/ -->\n<title>Akne Behandlung Berlin\u00a0| Dermatologie und Chirurgie<\/title>\n<meta name=\"description\" content=\"Akne Behandlung: Wir in Berlin behandeln Akne und Rosacea sowie deren Folgen, wie Aknenarben oder Rhinophym (Knollennase), individuell.\" \/>\n<meta name=\"robots\" content=\"index, follow, max-snippet:-1, max-image-preview:large, max-video-preview:-1\" \/>\n<link rel=\"canonical\" href=\"https:\/\/www.aesthmedic.de\/derma\/behandlungen\/dermatologie\/akne-und-akneartige-erkrankungen\/\" \/>\n<meta property=\"og:locale\" content=\"de_DE\" \/>\n<meta property=\"og:type\" content=\"article\" \/>\n<meta property=\"og:title\" content=\"Akne Behandlung Berlin\u00a0| Dermatologie und Chirurgie\" \/>\n<meta property=\"og:description\" content=\"Akne Behandlung: Wir in Berlin behandeln Akne und Rosacea sowie deren Folgen, wie Aknenarben oder Rhinophym (Knollennase), individuell.\" \/>\n<meta property=\"og:url\" content=\"https:\/\/www.aesthmedic.de\/derma\/behandlungen\/dermatologie\/akne-und-akneartige-erkrankungen\/\" \/>\n<meta property=\"og:site_name\" content=\"Hautarzt Berlin | Chirurgie - aesthmedic\" \/>\n<meta property=\"article:modified_time\" content=\"2022-02-22T11:21:38+00:00\" \/>\n<meta property=\"og:image\" content=\"https:\/\/www.aesthmedic.de\/derma\/wp-content\/uploads\/sites\/2\/2020\/01\/dermatologie-hautarzt-berlin.jpg\" \/>\n<meta name=\"twitter:card\" content=\"summary_large_image\" \/>\n<meta name=\"twitter:label1\" content=\"Gesch\u00e4tzte Lesezeit\" \/>\n\t<meta name=\"twitter:data1\" content=\"4\u00a0Minuten\" \/>\n<script type=\"application\/ld+json\" class=\"yoast-schema-graph\">{\"@context\":\"https:\\\/\\\/schema.org\",\"@graph\":[{\"@type\":\"WebPage\",\"@id\":\"https:\\\/\\\/www.aesthmedic.de\\\/derma\\\/behandlungen\\\/dermatologie\\\/akne-und-akneartige-erkrankungen\\\/\",\"url\":\"https:\\\/\\\/www.aesthmedic.de\\\/derma\\\/behandlungen\\\/dermatologie\\\/akne-und-akneartige-erkrankungen\\\/\",\"name\":\"Akne Behandlung Berlin\u00a0| Dermatologie und Chirurgie\",\"isPartOf\":{\"@id\":\"https:\\\/\\\/www.aesthmedic.de\\\/derma\\\/#website\"},\"primaryImageOfPage\":{\"@id\":\"https:\\\/\\\/www.aesthmedic.de\\\/derma\\\/behandlungen\\\/dermatologie\\\/akne-und-akneartige-erkrankungen\\\/#primaryimage\"},\"image\":{\"@id\":\"https:\\\/\\\/www.aesthmedic.de\\\/derma\\\/behandlungen\\\/dermatologie\\\/akne-und-akneartige-erkrankungen\\\/#primaryimage\"},\"thumbnailUrl\":\"https:\\\/\\\/www.aesthmedic.de\\\/derma\\\/wp-content\\\/uploads\\\/sites\\\/2\\\/2020\\\/01\\\/dermatologie-hautarzt-berlin.jpg\",\"datePublished\":\"2020-01-06T11:23:27+00:00\",\"dateModified\":\"2022-02-22T11:21:38+00:00\",\"description\":\"Akne Behandlung: Wir in Berlin behandeln Akne und Rosacea sowie deren Folgen, wie Aknenarben oder Rhinophym (Knollennase), individuell.\",\"breadcrumb\":{\"@id\":\"https:\\\/\\\/www.aesthmedic.de\\\/derma\\\/behandlungen\\\/dermatologie\\\/akne-und-akneartige-erkrankungen\\\/#breadcrumb\"},\"inLanguage\":\"de\",\"potentialAction\":[{\"@type\":\"ReadAction\",\"target\":[\"https:\\\/\\\/www.aesthmedic.de\\\/derma\\\/behandlungen\\\/dermatologie\\\/akne-und-akneartige-erkrankungen\\\/\"]}]},{\"@type\":\"ImageObject\",\"inLanguage\":\"de\",\"@id\":\"https:\\\/\\\/www.aesthmedic.de\\\/derma\\\/behandlungen\\\/dermatologie\\\/akne-und-akneartige-erkrankungen\\\/#primaryimage\",\"url\":\"https:\\\/\\\/www.aesthmedic.de\\\/derma\\\/wp-content\\\/uploads\\\/sites\\\/2\\\/2020\\\/01\\\/dermatologie-hautarzt-berlin.jpg\",\"contentUrl\":\"https:\\\/\\\/www.aesthmedic.de\\\/derma\\\/wp-content\\\/uploads\\\/sites\\\/2\\\/2020\\\/01\\\/dermatologie-hautarzt-berlin.jpg\",\"width\":1920,\"height\":572,\"caption\":\"Dermatologie Hautarzt Berlin\"},{\"@type\":\"BreadcrumbList\",\"@id\":\"https:\\\/\\\/www.aesthmedic.de\\\/derma\\\/behandlungen\\\/dermatologie\\\/akne-und-akneartige-erkrankungen\\\/#breadcrumb\",\"itemListElement\":[{\"@type\":\"ListItem\",\"position\":1,\"name\":\"Startseite\",\"item\":\"https:\\\/\\\/www.aesthmedic.de\\\/derma\\\/\"},{\"@type\":\"ListItem\",\"position\":2,\"name\":\"Behandlungen\",\"item\":\"https:\\\/\\\/www.aesthmedic.de\\\/derma\\\/behandlungen\\\/\"},{\"@type\":\"ListItem\",\"position\":3,\"name\":\"Dermatologie\",\"item\":\"https:\\\/\\\/www.aesthmedic.de\\\/derma\\\/behandlungen\\\/dermatologie\\\/\"},{\"@type\":\"ListItem\",\"position\":4,\"name\":\"Akne und akneartige Erkrankungen\"}]},{\"@type\":\"WebSite\",\"@id\":\"https:\\\/\\\/www.aesthmedic.de\\\/derma\\\/#website\",\"url\":\"https:\\\/\\\/www.aesthmedic.de\\\/derma\\\/\",\"name\":\"Hautarzt Berlin | Chirurgie - aesthmedic\",\"description\":\"Ihr Hautarzt in Berlin: Dermatologie und Hautchirurgie sowie \u00e4sthetische Medizin. Zu allen Behandlungen bieten wir ausf\u00fchrliche Beratung.\",\"potentialAction\":[{\"@type\":\"SearchAction\",\"target\":{\"@type\":\"EntryPoint\",\"urlTemplate\":\"https:\\\/\\\/www.aesthmedic.de\\\/derma\\\/?s={search_term_string}\"},\"query-input\":{\"@type\":\"PropertyValueSpecification\",\"valueRequired\":true,\"valueName\":\"search_term_string\"}}],\"inLanguage\":\"de\"}]}<\/script>\n<!-- \/ Yoast SEO plugin. -->","yoast_head_json":{"title":"Akne Behandlung Berlin\u00a0| Dermatologie und Chirurgie","description":"Akne Behandlung: Wir in Berlin behandeln Akne und Rosacea sowie deren Folgen, wie Aknenarben oder Rhinophym (Knollennase), individuell.","robots":{"index":"index","follow":"follow","max-snippet":"max-snippet:-1","max-image-preview":"max-image-preview:large","max-video-preview":"max-video-preview:-1"},"canonical":"https:\/\/www.aesthmedic.de\/derma\/behandlungen\/dermatologie\/akne-und-akneartige-erkrankungen\/","og_locale":"de_DE","og_type":"article","og_title":"Akne Behandlung Berlin\u00a0| Dermatologie und Chirurgie","og_description":"Akne Behandlung: Wir in Berlin behandeln Akne und Rosacea sowie deren Folgen, wie Aknenarben oder Rhinophym (Knollennase), individuell.","og_url":"https:\/\/www.aesthmedic.de\/derma\/behandlungen\/dermatologie\/akne-und-akneartige-erkrankungen\/","og_site_name":"Hautarzt Berlin | Chirurgie - aesthmedic","article_modified_time":"2022-02-22T11:21:38+00:00","og_image":[{"url":"https:\/\/www.aesthmedic.de\/derma\/wp-content\/uploads\/sites\/2\/2020\/01\/dermatologie-hautarzt-berlin.jpg","type":"","width":"","height":""}],"twitter_card":"summary_large_image","twitter_misc":{"Gesch\u00e4tzte Lesezeit":"4\u00a0Minuten"},"schema":{"@context":"https:\/\/schema.org","@graph":[{"@type":"WebPage","@id":"https:\/\/www.aesthmedic.de\/derma\/behandlungen\/dermatologie\/akne-und-akneartige-erkrankungen\/","url":"https:\/\/www.aesthmedic.de\/derma\/behandlungen\/dermatologie\/akne-und-akneartige-erkrankungen\/","name":"Akne Behandlung Berlin\u00a0| Dermatologie und Chirurgie","isPartOf":{"@id":"https:\/\/www.aesthmedic.de\/derma\/#website"},"primaryImageOfPage":{"@id":"https:\/\/www.aesthmedic.de\/derma\/behandlungen\/dermatologie\/akne-und-akneartige-erkrankungen\/#primaryimage"},"image":{"@id":"https:\/\/www.aesthmedic.de\/derma\/behandlungen\/dermatologie\/akne-und-akneartige-erkrankungen\/#primaryimage"},"thumbnailUrl":"https:\/\/www.aesthmedic.de\/derma\/wp-content\/uploads\/sites\/2\/2020\/01\/dermatologie-hautarzt-berlin.jpg","datePublished":"2020-01-06T11:23:27+00:00","dateModified":"2022-02-22T11:21:38+00:00","description":"Akne Behandlung: Wir in Berlin behandeln Akne und Rosacea sowie deren Folgen, wie Aknenarben oder Rhinophym (Knollennase), individuell.","breadcrumb":{"@id":"https:\/\/www.aesthmedic.de\/derma\/behandlungen\/dermatologie\/akne-und-akneartige-erkrankungen\/#breadcrumb"},"inLanguage":"de","potentialAction":[{"@type":"ReadAction","target":["https:\/\/www.aesthmedic.de\/derma\/behandlungen\/dermatologie\/akne-und-akneartige-erkrankungen\/"]}]},{"@type":"ImageObject","inLanguage":"de","@id":"https:\/\/www.aesthmedic.de\/derma\/behandlungen\/dermatologie\/akne-und-akneartige-erkrankungen\/#primaryimage","url":"https:\/\/www.aesthmedic.de\/derma\/wp-content\/uploads\/sites\/2\/2020\/01\/dermatologie-hautarzt-berlin.jpg","contentUrl":"https:\/\/www.aesthmedic.de\/derma\/wp-content\/uploads\/sites\/2\/2020\/01\/dermatologie-hautarzt-berlin.jpg","width":1920,"height":572,"caption":"Dermatologie Hautarzt Berlin"},{"@type":"BreadcrumbList","@id":"https:\/\/www.aesthmedic.de\/derma\/behandlungen\/dermatologie\/akne-und-akneartige-erkrankungen\/#breadcrumb","itemListElement":[{"@type":"ListItem","position":1,"name":"Startseite","item":"https:\/\/www.aesthmedic.de\/derma\/"},{"@type":"ListItem","position":2,"name":"Behandlungen","item":"https:\/\/www.aesthmedic.de\/derma\/behandlungen\/"},{"@type":"ListItem","position":3,"name":"Dermatologie","item":"https:\/\/www.aesthmedic.de\/derma\/behandlungen\/dermatologie\/"},{"@type":"ListItem","position":4,"name":"Akne und akneartige Erkrankungen"}]},{"@type":"WebSite","@id":"https:\/\/www.aesthmedic.de\/derma\/#website","url":"https:\/\/www.aesthmedic.de\/derma\/","name":"Hautarzt Berlin | Chirurgie - aesthmedic","description":"Ihr Hautarzt in Berlin: Dermatologie und Hautchirurgie sowie \u00e4sthetische Medizin. Zu allen Behandlungen bieten wir ausf\u00fchrliche Beratung.","potentialAction":[{"@type":"SearchAction","target":{"@type":"EntryPoint","urlTemplate":"https:\/\/www.aesthmedic.de\/derma\/?s={search_term_string}"},"query-input":{"@type":"PropertyValueSpecification","valueRequired":true,"valueName":"search_term_string"}}],"inLanguage":"de"}]}},"_links":{"self":[{"href":"https:\/\/www.aesthmedic.de\/derma\/wp-json\/wp\/v2\/pages\/2146","targetHints":{"allow":["GET"]}}],"collection":[{"href":"https:\/\/www.aesthmedic.de\/derma\/wp-json\/wp\/v2\/pages"}],"about":[{"href":"https:\/\/www.aesthmedic.de\/derma\/wp-json\/wp\/v2\/types\/page"}],"author":[{"embeddable":true,"href":"https:\/\/www.aesthmedic.de\/derma\/wp-json\/wp\/v2\/users\/1"}],"replies":[{"embeddable":true,"href":"https:\/\/www.aesthmedic.de\/derma\/wp-json\/wp\/v2\/comments?post=2146"}],"version-history":[{"count":10,"href":"https:\/\/www.aesthmedic.de\/derma\/wp-json\/wp\/v2\/pages\/2146\/revisions"}],"predecessor-version":[{"id":2657,"href":"https:\/\/www.aesthmedic.de\/derma\/wp-json\/wp\/v2\/pages\/2146\/revisions\/2657"}],"up":[{"embeddable":true,"href":"https:\/\/www.aesthmedic.de\/derma\/wp-json\/wp\/v2\/pages\/142"}],"wp:attachment":[{"href":"https:\/\/www.aesthmedic.de\/derma\/wp-json\/wp\/v2\/media?parent=2146"}],"curies":[{"name":"wp","href":"https:\/\/api.w.org\/{rel}","templated":true}]}}